{"id":11,"date":"2025-07-31T13:12:55","date_gmt":"2025-07-31T11:12:55","guid":{"rendered":"https:\/\/cyclovac.cat\/?page_id=11"},"modified":"2026-01-12T12:00:42","modified_gmt":"2026-01-12T10:00:42","slug":"avis-legal","status":"publish","type":"page","link":"https:\/\/cyclovac.cat\/es\/avis-legal\/","title":{"rendered":"Aviso legal"},"content":{"rendered":"<h2 class=\"wp-block-heading\"><\/h2>\n\n\n\n<p><strong>AV\u00cdS LEGAL<\/strong><\/p>\n\n\n\n<p>El present av\u00eds legal recull les condicions generals que regulen l\u2019acc\u00e9s i l\u2019\u00fas del lloc web <a class=\"\" href=\"https:\/\/cyclovac.cat\/es\/\">www.cyclovac.cat<\/a>.<\/p>\n\n\n\n<p><strong>DADES DE L\u2019EMPRESA<\/strong><\/p>\n\n\n\n<p>En compliment de l\u2019article 10 de la Llei 34\/2002, d\u201911 de juliol, de Serveis de la Societat de la Informaci\u00f3 i Comer\u00e7 Electr\u00f2nic, a continuaci\u00f3 s\u2019exposen les dades identificatives de l\u2019empresa:<\/p>\n\n\n\n<ul class=\"wp-block-list\">\n<li><strong>Nom:<\/strong> Inteef<\/li>\n\n\n\n<li><strong>Ra\u00f3 social:<\/strong> Instal\u00b7lacions T\u00e8cniques Eficients, S.L.<\/li>\n\n\n\n<li><strong>CIF:<\/strong> B66416256<\/li>\n\n\n\n<li><strong>Domicili:<\/strong> C\/ de la Vi\u00f1a, 10, 08503 Gurb (Barcelona)<\/li>\n\n\n\n<li><strong>Tel\u00e8fon:<\/strong> 93 889 56 13<\/li>\n\n\n\n<li><strong>Correu electr\u00f2nic:<\/strong> <a>online@inteef.com<\/a><\/li>\n<\/ul>\n\n\n\n<p><strong>CONDICIONS GENERALS<\/strong><\/p>\n\n\n\n<p>L\u2019acc\u00e9s i \u00fas del lloc web implica l\u2019acceptaci\u00f3 expressa i total d\u2019aquestes condicions generals en la versi\u00f3 publicada en el moment en qu\u00e8 l\u2019usuari accedeixi, sense perjudici de les condicions particulars que puguin aplicar-se a alguns serveis concrets del lloc web.<\/p>\n\n\n\n<p>L\u2019usuari accepta que l\u2019acc\u00e9s al present lloc web i als continguts inclosos s\u2019efectua de manera lliure i conscient, sota la seva exclusiva responsabilitat.<\/p>\n\n\n\n<p>Els usuaris accedeixen al lloc web de forma lliure i gratu\u00efta, encara que Instal\u00b7lacions T\u00e8cniques Eficients, S.L. es reserva el dret de limitar l\u2019acc\u00e9s a determinats continguts o serveis, exigint el registre previ de les seves dades.<\/p>\n\n\n\n<p>Instal\u00b7lacions T\u00e8cniques Eficients, S.L. es reserva el dret de modificar en qualsevol moment la presentaci\u00f3, configuraci\u00f3 i localitzaci\u00f3 del lloc web, aix\u00ed com els continguts, serveis i les condicions requerides per a la seva utilitzaci\u00f3 quan ho consideri oport\u00fa o per tal d\u2019adequar-se a canvis legislatius i tecnol\u00f2gics futurs. Aquestes modificacions seran v\u00e0lides des de la seva publicaci\u00f3 al lloc web.<\/p>\n\n\n\n<p>Instal\u00b7lacions T\u00e8cniques Eficients, S.L. es reserva el dret d\u2019interrompre l\u2019acc\u00e9s al present lloc web en qualsevol moment i sense previ av\u00eds, sigui per motius t\u00e8cnics, de seguretat, control, manteniment, manca de subministrament el\u00e8ctric o qualsevol altra causa. Aquesta interrupci\u00f3 podr\u00e0 tenir car\u00e0cter temporal o definitiu; en aquest cas, els usuaris podran patir la p\u00e8rdua d\u2019informaci\u00f3 emmagatzemada als diferents serveis, sense dret a indemnitzaci\u00f3.<\/p>\n\n\n\n<p>Instal\u00b7lacions T\u00e8cniques Eficients, S.L. es compromet a no enviar comunicacions comercials sense identificar-les com a tals, d\u2019acord amb el que disposa la Llei 34\/2002 de Serveis de la Societat de la Informaci\u00f3 i Comer\u00e7 Electr\u00f2nic. A aquest efecte, no es considerar\u00e0 com a comunicaci\u00f3 comercial tota la informaci\u00f3 enviada als clients en nom d\u2019Instal\u00b7lacions T\u00e8cniques Eficients, S.L. sempre que tingui com a finalitat el manteniment de la relaci\u00f3 contractual existent entre el client i l\u2019empresa, aix\u00ed com el desenvolupament de tasques d\u2019informaci\u00f3, formaci\u00f3 o altres pr\u00f2pies del servei contractat.<\/p>\n\n\n\n<p><strong>AV\u00cdS DE PROPIETAT<\/strong><\/p>\n\n\n\n<p>Instal\u00b7lacions T\u00e8cniques Eficients, S.L. \u00e9s titular del present lloc web. Tots els drets de propietat industrial i intel\u00b7lectual sobre aquest portal d\u2019Internet estan legalment reservats, i per tant l\u2019acc\u00e9s o la seva utilitzaci\u00f3 per part de l\u2019usuari no s\u2019ha de considerar com a concessi\u00f3 de cap llic\u00e8ncia d\u2019\u00fas ni cap dret sobre qualsevol actiu.<\/p>\n\n\n\n<p>Els usuaris del lloc web nom\u00e9s podran fer-ne un \u00fas privat, personal o professional. Est\u00e0 absolutament prohibit l\u2019\u00fas del lloc web o de qualsevol dels seus elements amb finalitats comercials o il\u00b7l\u00edcites.<\/p>\n\n\n\n<p>No es poden fer actes de reproducci\u00f3, modificaci\u00f3, distribuci\u00f3 o comunicaci\u00f3 p\u00fablica del lloc web sense el consentiment previ i per escrit d\u2019Instal\u00b7lacions T\u00e8cniques Eficients, S.L.<\/p>\n\n\n\n<p>Queda prohibida la reproducci\u00f3 dels continguts del lloc web.<br>Instal\u00b7lacions T\u00e8cniques Eficients, S.L. no assumir\u00e0 cap responsabilitat derivada de l\u2019\u00fas que en facin tercers del contingut del lloc web i podr\u00e0 exercir totes les accions civils o penals que li corresponguin en cas d\u2019infracci\u00f3 d\u2019aquests drets per part de l\u2019usuari.<\/p>\n\n\n\n<p><strong>CL\u00c0USULA D\u2019EXONERACI\u00d3 DE RESPONSABILITAT<\/strong><\/p>\n\n\n\n<p>Els continguts inclosos al lloc web han estat elaborats en tot moment de bona fe amb la finalitat d\u2019informar els usuaris, per la qual cosa Instal\u00b7lacions T\u00e8cniques Eficients, S.L. no assumeix cap responsabilitat respecte a la integritat o exactitud d\u2019aquesta informaci\u00f3, ni garanteix l\u2019actualitzaci\u00f3 de la mateixa, que podr\u00e0 ser modificada sense previ av\u00eds. Tampoc es fa responsable dels possibles errors tipogr\u00e0fics, formals o num\u00e8rics que pugui contenir el lloc web.<\/p>\n\n\n\n<p>Instal\u00b7lacions T\u00e8cniques Eficients, S.L. no es fa responsable del mal \u00fas que els usuaris puguin fer del lloc web.<\/p>\n\n\n\n<ol class=\"wp-block-list\">\n<li><strong>Responsabilitat pel funcionament del lloc web<\/strong><br>Instal\u00b7lacions T\u00e8cniques Eficients, S.L. intentar\u00e0 minimitzar els problemes t\u00e8cnics i podr\u00e0 suspendre temporalment els serveis i continguts del lloc web per fer operacions de manteniment, millora o reparaci\u00f3, sense que aix\u00f2 generi dret a indemnitzaci\u00f3 per part de l\u2019usuari.<\/li>\n<\/ol>\n\n\n\n<p>Instal\u00b7lacions T\u00e8cniques Eficients, S.L. no assumeix cap responsabilitat pels danys que pugui ocasionar a l\u2019usuari la consulta d\u2019aquesta p\u00e0gina o d\u2019altres externes a les quals s\u2019enllaci.<\/p>\n\n\n\n<p>Tampoc ser\u00e0 responsable si es produeixen interrupcions del servei o mal funcionament per causes de for\u00e7a major, imprevistos o alienes al seu control.<\/p>\n\n\n\n<ol start=\"2\" class=\"wp-block-list\">\n<li><strong>Responsabilitat per l\u2019\u00fas d\u2019enlla\u00e7os<\/strong><br>Instal\u00b7lacions T\u00e8cniques Eficients, S.L. no assumeix cap responsabilitat derivada de l\u2019exist\u00e8ncia d\u2019enlla\u00e7os entre continguts d\u2019aquest lloc web i continguts externs, o per qualsevol altra menci\u00f3 de continguts externs.<\/li>\n<\/ol>\n\n\n\n<p>En cas que es detecti la il\u00b7licitud d\u2019una p\u00e0gina web enlla\u00e7ada o que aquesta vulneri drets de tercers, l\u2019empresa suprimir\u00e0 o inutilitzar\u00e0 l\u2019enlla\u00e7.<\/p>\n\n\n\n<p>La pres\u00e8ncia d\u2019altres enlla\u00e7os al lloc web t\u00e9 una finalitat merament informativa, i en cap cas suposa una recomanaci\u00f3 o invitaci\u00f3 a contractar productes o serveis del lloc de destinaci\u00f3, ni implica cap suport a les persones o entitats responsables del contingut.<\/p>\n\n\n\n<p>Aix\u00ed doncs, Instal\u00b7lacions T\u00e8cniques Eficients, S.L. no es responsabilitza del contingut ni de la disponibilitat dels llocs web enlla\u00e7ats ni dels danys o p\u00e8rdues derivades de la connexi\u00f3 o \u00fas del contingut, productes o serveis oferts en aquests llocs.<\/p>\n\n\n\n<p><strong>POL\u00cdTICA DE PRIVACITAT<\/strong><\/p>\n\n\n\n<p>Instal\u00b7lacions T\u00e8cniques Eficients, S.L. informa a continuaci\u00f3 sobre la pol\u00edtica de privacitat aplicada a les dades de car\u00e0cter personal. D\u2019aquesta manera, totes les dades personals que estiguin sota la seva responsabilitat seran tractades de conformitat amb la Llei 15\/1999, de 13 de desembre, de Protecci\u00f3 de Dades de Car\u00e0cter Personal, i s\u2019hi aplicaran les mesures de seguretat i confidencialitat corresponents.<\/p>\n\n\n\n<p>La visita al lloc web <a class=\"\" href=\"https:\/\/cyclovac.cat\/es\/\">www.cyclovac.cat<\/a> no implica que l\u2019usuari hagi de facilitar cap informaci\u00f3 sobre la seva identitat, no sent associada a un usuari concret per part de l\u2019empresa. En el cas que es proporcionin dades de car\u00e0cter personal, aquestes seran recollides i utilitzades d\u2019acord amb les limitacions i drets establerts a la normativa esmentada.<\/p>\n\n\n\n<p>Els usuaris que facilitin dades personals accepten de manera clara, exacta i inequ\u00edvoca les presents condicions.<\/p>\n\n\n\n<p><strong>1. Recollida de dades<\/strong><br>La recollida de dades de car\u00e0cter personal es far\u00e0 \u00fanica i exclusivament a trav\u00e9s dels formularis publicats al lloc web i dels correus electr\u00f2nics que els usuaris puguin enviar a Instal\u00b7lacions T\u00e8cniques Eficients, S.L., i s\u2019inclouran en un fitxer autoritzat.<\/p>\n\n\n\n<p>Els fitxers titularitat d\u2019Instal\u00b7lacions T\u00e8cniques Eficients, S.L. estan inscrits al Registre General de l\u2019Ag\u00e8ncia Espanyola de Protecci\u00f3 de Dades, al qual podr\u00e0 accedir l\u2019usuari o visitant per comprovar-ne la situaci\u00f3.<\/p>\n\n\n\n<p>Instal\u00b7lacions T\u00e8cniques Eficients, S.L. conservar\u00e0 les seves dades un cop finalitzada la relaci\u00f3 amb l\u2019usuari per complir amb les obligacions legals necess\u00e0ries. Aix\u00ed mateix, procedir\u00e0 a la cancel\u00b7laci\u00f3 de les dades quan deixin de ser necess\u00e0ries per a la finalitat per la qual van ser recollides.<\/p>\n\n\n\n<p><strong>2. Seguretat de la informaci\u00f3<\/strong><br>Instal\u00b7lacions T\u00e8cniques Eficients, S.L. ha desenvolupat tots els sistemes i mesures t\u00e8cniques i organitzatives al seu abast, previstes per la normativa de protecci\u00f3 de dades personals, per evitar la p\u00e8rdua, \u00fas indegut, alteraci\u00f3, acc\u00e9s no autoritzat i sostracci\u00f3 de les dades personals facilitades per l\u2019usuari o visitant.<\/p>\n\n\n\n<p>Tot i aix\u00f2, l\u2019usuari o visitant ha de ser conscient que les mesures de seguretat a Internet no s\u00f3n inexpugnables.<\/p>\n\n\n\n<p><strong>3. Confidencialitat i secret professional<\/strong><br>Les comunicacions privades que puguin tenir lloc entre el personal d\u2019Instal\u00b7lacions T\u00e8cniques Eficients, S.L. i els usuaris o visitants seran considerades com a confidencials. L\u2019acc\u00e9s a aquesta informaci\u00f3 est\u00e0 restringit mitjan\u00e7ant eines tecnol\u00f2giques i controls interns estrictes.<\/p>\n\n\n\n<p><strong>4. Enlla\u00e7os amb llocs web<\/strong><br>Aquest lloc pot contenir enlla\u00e7os o vincles amb altres llocs web. Es comunica que Instal\u00b7lacions T\u00e8cniques Eficients, S.L. no t\u00e9 cap control ni responsabilitat sobre les pol\u00edtiques o mesures de protecci\u00f3 de dades d\u2019aquests altres llocs web.<\/p>\n\n\n\n<p><strong>5. Drets dels usuaris<\/strong><br>L\u2019usuari podr\u00e0 exercir, en relaci\u00f3 amb les dades recollides, els drets reconeguts per la Llei Org\u00e0nica 15\/1999, de 13 de desembre, de Protecci\u00f3 de Dades de Car\u00e0cter Personal, i en particular els drets d\u2019acc\u00e9s, rectificaci\u00f3, cancel\u00b7laci\u00f3 i oposici\u00f3, si s\u2019escau.<\/p>\n\n\n\n<p>Els drets de cancel\u00b7laci\u00f3, oposici\u00f3 i revocaci\u00f3 del consentiment per a la cessi\u00f3 de dades podran ser exercits per l\u2019usuari, o per qui el representi, mitjan\u00e7ant una sol\u00b7licitud enviada per correu postal, signada i acompanyada de fotoc\u00f2pia del DNI, a l\u2019adre\u00e7a de la seu d\u2019Instal\u00b7lacions T\u00e8cniques Eficients, S.L., indicada anteriorment.<\/p>\n\n\n\n<p>Instal\u00b7lacions T\u00e8cniques Eficients, S.L. informa que les dades personals recollides seran cancel\u00b7lades quan deixin de ser necess\u00e0ries o pertinents per a la finalitat per la qual van ser obtingudes, conforme a la normativa de protecci\u00f3 de dades personals.<\/p>\n\n\n\n<hr class=\"wp-block-separator has-alpha-channel-opacity\"\/>\n\n\n\n<p><strong>CL\u00c0USULA PER A FORMULARIS<\/strong><\/p>\n\n\n\n<p>En el cas que Instal\u00b7lacions T\u00e8cniques Eficients, S.L. disposi de formularis, la identificaci\u00f3 de l\u2019usuari \u00e9s completa, ja que \u00e9s el mateix usuari qui, de manera volunt\u00e0ria, introdueix les seves dades en els nostres formularis.<\/p>\n\n\n\n<p>La informaci\u00f3 facilitada per l\u2019usuari ser\u00e0 utilitzada per Instal\u00b7lacions T\u00e8cniques Eficients, S.L. exclusivament per a les finalitats indicades en cada cas.<\/p>\n\n\n\n<p>Instal\u00b7lacions T\u00e8cniques Eficients, S.L. ser\u00e0 l\u2019entitat responsable del fitxer generat amb les dades personals facilitades pels usuaris del lloc web mitjan\u00e7ant els formularis. De conformitat amb la Llei Org\u00e0nica 15\/1999, de 13 de desembre, de Protecci\u00f3 de Dades de Car\u00e0cter Personal, Instal\u00b7lacions T\u00e8cniques Eficients, S.L. es compromet a complir el seu deure de secret respecte a les dades personals i el deure de tractar-les amb confidencialitat. A aquest efecte, adoptar\u00e0 les mesures necess\u00e0ries per evitar la seva alteraci\u00f3, p\u00e8rdua, tractament o acc\u00e9s no autoritzat.<\/p>\n\n\n\n<p>Les dades personals recollides no seran cedides a tercers sense el consentiment expr\u00e9s de l\u2019usuari.<\/p>\n\n\n\n<p>L\u2019usuari inscrit a la base de dades podr\u00e0 exercir en qualsevol moment els seus drets d\u2019acc\u00e9s, rectificaci\u00f3, cancel\u00b7laci\u00f3 i oposici\u00f3, mitjan\u00e7ant sol\u00b7licitud enviada per correu electr\u00f2nic ordinari, signada i acompanyada de fotoc\u00f2pia del DNI, a l\u2019adre\u00e7a d\u2019Instal\u00b7lacions T\u00e8cniques Eficients, S.L. indicada anteriorment.<\/p>\n\n\n\n<p>Per a qualsevol aclariment sobre la pol\u00edtica de privacitat d\u2019Instal\u00b7lacions T\u00e8cniques Eficients, S.L. en relaci\u00f3 amb els usuaris que visiten el nostre lloc web, no dubti en posar-se en contacte amb nosaltres a trav\u00e9s del correu electr\u00f2nic <strong><a>online@inteef.com<\/a><\/strong>.<\/p>\n\n\n\n<p><\/p>","protected":false},"excerpt":{"rendered":"<p>AV\u00cdS LEGAL El present av\u00eds legal recull les condicions generals que regulen l\u2019acc\u00e9s i l\u2019\u00fas del lloc web www.cyclovac.cat. DADES DE L\u2019EMPRESA En compliment de l\u2019article 10 de la Llei 34\/2002, d\u201911 de juliol, de Serveis de la Societat de la Informaci\u00f3 i Comer\u00e7 Electr\u00f2nic, a continuaci\u00f3 s\u2019exposen les dades identificatives de l\u2019empresa: CONDICIONS GENERALS [&hellip;]<\/p>","protected":false},"author":1,"featured_media":0,"parent":0,"menu_order":0,"comment_status":"closed","ping_status":"closed","template":"","meta":{"footnotes":""},"class_list":["post-11","page","type-page","status-publish","hentry"],"yoast_head":"<!-- This site is optimized with the Yoast SEO plugin v25.5 - https:\/\/yoast.com\/wordpress\/plugins\/seo\/ -->\n<title>Av\u00eds legal - Cyclovac<\/title>\n<meta name=\"robots\" content=\"index, follow, max-snippet:-1, max-image-preview:large, max-video-preview:-1\" \/>\n<link rel=\"canonical\" href=\"https:\/\/cyclovac.cat\/es\/avis-legal\/\" \/>\n<meta property=\"og:locale\" content=\"es_ES\" \/>\n<meta property=\"og:type\" content=\"article\" \/>\n<meta property=\"og:title\" content=\"Av\u00eds legal - Cyclovac\" \/>\n<meta property=\"og:description\" content=\"AV\u00cdS LEGAL El present av\u00eds legal recull les condicions generals que regulen l\u2019acc\u00e9s i l\u2019\u00fas del lloc web www.cyclovac.cat. DADES DE L\u2019EMPRESA En compliment de l\u2019article 10 de la Llei 34\/2002, d\u201911 de juliol, de Serveis de la Societat de la Informaci\u00f3 i Comer\u00e7 Electr\u00f2nic, a continuaci\u00f3 s\u2019exposen les dades identificatives de l\u2019empresa: CONDICIONS GENERALS [&hellip;]\" \/>\n<meta property=\"og:url\" content=\"https:\/\/cyclovac.cat\/es\/avis-legal\/\" \/>\n<meta property=\"og:site_name\" content=\"Cyclovac\" \/>\n<meta property=\"article:modified_time\" content=\"2026-01-12T10:00:42+00:00\" \/>\n<meta name=\"twitter:card\" content=\"summary_large_image\" \/>\n<meta name=\"twitter:label1\" content=\"Tiempo de lectura\" \/>\n\t<meta name=\"twitter:data1\" content=\"10 minutos\" \/>\n<script type=\"application\/ld+json\" class=\"yoast-schema-graph\">{\"@context\":\"https:\/\/schema.org\",\"@graph\":[{\"@type\":\"WebPage\",\"@id\":\"https:\/\/cyclovac.cat\/avis-legal\/\",\"url\":\"https:\/\/cyclovac.cat\/avis-legal\/\",\"name\":\"Av\u00eds legal - Cyclovac\",\"isPartOf\":{\"@id\":\"https:\/\/cyclovac.cat\/#website\"},\"datePublished\":\"2025-07-31T11:12:55+00:00\",\"dateModified\":\"2026-01-12T10:00:42+00:00\",\"breadcrumb\":{\"@id\":\"https:\/\/cyclovac.cat\/avis-legal\/#breadcrumb\"},\"inLanguage\":\"es\",\"potentialAction\":[{\"@type\":\"ReadAction\",\"target\":[\"https:\/\/cyclovac.cat\/avis-legal\/\"]}]},{\"@type\":\"BreadcrumbList\",\"@id\":\"https:\/\/cyclovac.cat\/avis-legal\/#breadcrumb\",\"itemListElement\":[{\"@type\":\"ListItem\",\"position\":1,\"name\":\"Inici\",\"item\":\"https:\/\/cyclovac.cat\/\"},{\"@type\":\"ListItem\",\"position\":2,\"name\":\"Av\u00eds legal\"}]},{\"@type\":\"WebSite\",\"@id\":\"https:\/\/cyclovac.cat\/#website\",\"url\":\"https:\/\/cyclovac.cat\/\",\"name\":\"Cyclovac\",\"description\":\"Amb m\u00e9s de 60 anys d\u2019excel\u00b7l\u00e8ncia, Cyclovac dissenya i fabrica al Canad\u00e0 sistemes d\u2019aspiraci\u00f3 central potents, silenciosos i duradors, amb garanties exclusives de 10 a 25 anys. Gr\u00e0cies a una recerca i desenvolupament continus, oferim solucions a mida que milloren la qualitat de l\u2019aire interior i faciliten la neteja di\u00e0ria. La nostra xarxa global de professionals especialitzats garanteix una instal\u00b7laci\u00f3 i un servei t\u00e8cnic \u00f2ptims, adaptats a les necessitats de cada llar.\",\"publisher\":{\"@id\":\"https:\/\/cyclovac.cat\/#organization\"},\"potentialAction\":[{\"@type\":\"SearchAction\",\"target\":{\"@type\":\"EntryPoint\",\"urlTemplate\":\"https:\/\/cyclovac.cat\/?s={search_term_string}\"},\"query-input\":{\"@type\":\"PropertyValueSpecification\",\"valueRequired\":true,\"valueName\":\"search_term_string\"}}],\"inLanguage\":\"es\"},{\"@type\":\"Organization\",\"@id\":\"https:\/\/cyclovac.cat\/#organization\",\"name\":\"Cyclovac\",\"url\":\"https:\/\/cyclovac.cat\/\",\"logo\":{\"@type\":\"ImageObject\",\"inLanguage\":\"es\",\"@id\":\"https:\/\/cyclovac.cat\/#\/schema\/logo\/image\/\",\"url\":\"https:\/\/cyclovac.cat\/wp-content\/uploads\/2025\/06\/cyclovac-logo.png\",\"contentUrl\":\"https:\/\/cyclovac.cat\/wp-content\/uploads\/2025\/06\/cyclovac-logo.png\",\"width\":303,\"height\":57,\"caption\":\"Cyclovac\"},\"image\":{\"@id\":\"https:\/\/cyclovac.cat\/#\/schema\/logo\/image\/\"}}]}<\/script>\n<!-- \/ Yoast SEO plugin. -->","yoast_head_json":{"title":"Av\u00eds legal - Cyclovac","robots":{"index":"index","follow":"follow","max-snippet":"max-snippet:-1","max-image-preview":"max-image-preview:large","max-video-preview":"max-video-preview:-1"},"canonical":"https:\/\/cyclovac.cat\/es\/avis-legal\/","og_locale":"es_ES","og_type":"article","og_title":"Av\u00eds legal - Cyclovac","og_description":"AV\u00cdS LEGAL El present av\u00eds legal recull les condicions generals que regulen l\u2019acc\u00e9s i l\u2019\u00fas del lloc web www.cyclovac.cat. DADES DE L\u2019EMPRESA En compliment de l\u2019article 10 de la Llei 34\/2002, d\u201911 de juliol, de Serveis de la Societat de la Informaci\u00f3 i Comer\u00e7 Electr\u00f2nic, a continuaci\u00f3 s\u2019exposen les dades identificatives de l\u2019empresa: CONDICIONS GENERALS [&hellip;]","og_url":"https:\/\/cyclovac.cat\/es\/avis-legal\/","og_site_name":"Cyclovac","article_modified_time":"2026-01-12T10:00:42+00:00","twitter_card":"summary_large_image","twitter_misc":{"Tiempo de lectura":"10 minutos"},"schema":{"@context":"https:\/\/schema.org","@graph":[{"@type":"WebPage","@id":"https:\/\/cyclovac.cat\/avis-legal\/","url":"https:\/\/cyclovac.cat\/avis-legal\/","name":"Av\u00eds legal - Cyclovac","isPartOf":{"@id":"https:\/\/cyclovac.cat\/#website"},"datePublished":"2025-07-31T11:12:55+00:00","dateModified":"2026-01-12T10:00:42+00:00","breadcrumb":{"@id":"https:\/\/cyclovac.cat\/avis-legal\/#breadcrumb"},"inLanguage":"es","potentialAction":[{"@type":"ReadAction","target":["https:\/\/cyclovac.cat\/avis-legal\/"]}]},{"@type":"BreadcrumbList","@id":"https:\/\/cyclovac.cat\/avis-legal\/#breadcrumb","itemListElement":[{"@type":"ListItem","position":1,"name":"Inici","item":"https:\/\/cyclovac.cat\/"},{"@type":"ListItem","position":2,"name":"Av\u00eds legal"}]},{"@type":"WebSite","@id":"https:\/\/cyclovac.cat\/#website","url":"https:\/\/cyclovac.cat\/","name":"Cyclovac","description":"Amb m\u00e9s de 60 anys d\u2019excel\u00b7l\u00e8ncia, Cyclovac dissenya i fabrica al Canad\u00e0 sistemes d\u2019aspiraci\u00f3 central potents, silenciosos i duradors, amb garanties exclusives de 10 a 25 anys. Gr\u00e0cies a una recerca i desenvolupament continus, oferim solucions a mida que milloren la qualitat de l\u2019aire interior i faciliten la neteja di\u00e0ria. La nostra xarxa global de professionals especialitzats garanteix una instal\u00b7laci\u00f3 i un servei t\u00e8cnic \u00f2ptims, adaptats a les necessitats de cada llar.","publisher":{"@id":"https:\/\/cyclovac.cat\/#organization"},"potentialAction":[{"@type":"SearchAction","target":{"@type":"EntryPoint","urlTemplate":"https:\/\/cyclovac.cat\/?s={search_term_string}"},"query-input":{"@type":"PropertyValueSpecification","valueRequired":true,"valueName":"search_term_string"}}],"inLanguage":"es"},{"@type":"Organization","@id":"https:\/\/cyclovac.cat\/#organization","name":"Cyclovac","url":"https:\/\/cyclovac.cat\/","logo":{"@type":"ImageObject","inLanguage":"es","@id":"https:\/\/cyclovac.cat\/#\/schema\/logo\/image\/","url":"https:\/\/cyclovac.cat\/wp-content\/uploads\/2025\/06\/cyclovac-logo.png","contentUrl":"https:\/\/cyclovac.cat\/wp-content\/uploads\/2025\/06\/cyclovac-logo.png","width":303,"height":57,"caption":"Cyclovac"},"image":{"@id":"https:\/\/cyclovac.cat\/#\/schema\/logo\/image\/"}}]}},"_links":{"self":[{"href":"https:\/\/cyclovac.cat\/es\/wp-json\/wp\/v2\/pages\/11","targetHints":{"allow":["GET"]}}],"collection":[{"href":"https:\/\/cyclovac.cat\/es\/wp-json\/wp\/v2\/pages"}],"about":[{"href":"https:\/\/cyclovac.cat\/es\/wp-json\/wp\/v2\/types\/page"}],"author":[{"embeddable":true,"href":"https:\/\/cyclovac.cat\/es\/wp-json\/wp\/v2\/users\/1"}],"replies":[{"embeddable":true,"href":"https:\/\/cyclovac.cat\/es\/wp-json\/wp\/v2\/comments?post=11"}],"version-history":[{"count":4,"href":"https:\/\/cyclovac.cat\/es\/wp-json\/wp\/v2\/pages\/11\/revisions"}],"predecessor-version":[{"id":775,"href":"https:\/\/cyclovac.cat\/es\/wp-json\/wp\/v2\/pages\/11\/revisions\/775"}],"wp:attachment":[{"href":"https:\/\/cyclovac.cat\/es\/wp-json\/wp\/v2\/media?parent=11"}],"curies":[{"name":"wp","href":"https:\/\/api.w.org\/{rel}","templated":true}]}}