{"id":197,"date":"2025-06-12T12:09:50","date_gmt":"2025-06-12T10:09:50","guid":{"rendered":"https:\/\/cyclovac.cat\/?page_id=197"},"modified":"2026-01-12T12:06:53","modified_gmt":"2026-01-12T10:06:53","slug":"qui-som","status":"publish","type":"page","link":"https:\/\/cyclovac.cat\/es\/qui-som\/","title":{"rendered":"\u00bfQUIEN SOMOS?"},"content":{"rendered":"<div class=\"wp-block-group has-global-padding is-layout-constrained wp-container-core-group-is-layout-ce858a97 wp-block-group-is-layout-constrained\" style=\"margin-top:0;margin-bottom:0;padding-top:0px;padding-right:20px;padding-bottom:0px;padding-left:20px\">\n<div class=\"wp-block-columns are-vertically-aligned-center is-layout-flex wp-container-core-columns-is-layout-6cb66de6 wp-block-columns-is-layout-flex\" style=\"margin-top:0;margin-bottom:0\">\n<div class=\"wp-block-column is-vertically-aligned-center is-layout-flow wp-block-column-is-layout-flow\">\n<div class=\"wp-block-cover is-light\" style=\"border-radius:10px;min-height:134px;aspect-ratio:unset;\"><img loading=\"lazy\" decoding=\"async\" width=\"1205\" height=\"290\" class=\"wp-block-cover__image-background wp-image-715 size-full\" alt=\"LOGO INTEEF\" src=\"https:\/\/cyclovac.cat\/wp-content\/uploads\/2025\/07\/LogoWeb.jpg\" data-object-fit=\"cover\" srcset=\"https:\/\/cyclovac.cat\/wp-content\/uploads\/2025\/07\/LogoWeb.jpg 1205w, https:\/\/cyclovac.cat\/wp-content\/uploads\/2025\/07\/LogoWeb-300x72.jpg 300w, https:\/\/cyclovac.cat\/wp-content\/uploads\/2025\/07\/LogoWeb-1024x246.jpg 1024w, https:\/\/cyclovac.cat\/wp-content\/uploads\/2025\/07\/LogoWeb-768x185.jpg 768w, https:\/\/cyclovac.cat\/wp-content\/uploads\/2025\/07\/LogoWeb-600x144.jpg 600w\" sizes=\"auto, (max-width: 1205px) 100vw, 1205px\" \/><span aria-hidden=\"true\" class=\"wp-block-cover__background has-background-dim-0 has-background-dim\" style=\"background-color:#e4e9e0\"><\/span><div class=\"wp-block-cover__inner-container has-global-padding is-layout-constrained wp-block-cover-is-layout-constrained\">\n<p class=\"has-text-align-center has-large-font-size\"><\/p>\n<\/div><\/div>\n<\/div>\n\n\n\n<div class=\"wp-block-column is-vertically-aligned-center is-layout-flow wp-block-column-is-layout-flow\">\n<p style=\"margin-bottom:var(--wp--preset--spacing--30)\">Inteef, empresa con m\u00e1s de treinta a\u00f1os de experiencia y el af\u00e1n de evolucionar junto con el contexto del mercado nos ha llevado a la especializaci\u00f3n en instalaciones de aspiraci\u00f3n, buscando siempre el m\u00e1ximo rendimiento, el ahorro energ\u00e9tico y el confort para los usuarios de las mismas.<\/p>\n\n\n\n<p style=\"margin-bottom:var(--wp--preset--spacing--30)\">El equipo t\u00e9cnico de Inteef busca y desarrolla la mejor soluci\u00f3n para cada una de las necesidades de nuestros clientes, relacionadas con el \u00e1mbito de nuestra actividad, siguiendo los criterios de eficiencia, ahorro, calidad, confort y sostenibilidad, aportando soluciones espec\u00edficas para cada caso.<\/p>\n<\/div>\n<\/div>\n<\/div>\n\n\n\n<div class=\"wp-block-group has-background is-layout-flow wp-block-group-is-layout-flow\" style=\"border-radius:13px;background-color:#75191a;margin-top:0;margin-bottom:0;padding-top:63px;padding-right:11px;padding-bottom:63px;padding-left:11px\">\n<div class=\"wp-block-columns alignwide is-layout-flex wp-container-core-columns-is-layout-66fad18a wp-block-columns-is-layout-flex\">\n<div class=\"wp-block-column is-layout-flow wp-block-column-is-layout-flow\" style=\"padding-right:var(--wp--preset--spacing--50);flex-basis:45%\">\n<figure class=\"wp-block-image aligncenter size-full is-resized has-custom-border wp-duotone-unset-1\" style=\"margin-top:var(--wp--preset--spacing--30);margin-bottom:var(--wp--preset--spacing--30)\"><img loading=\"lazy\" decoding=\"async\" width=\"1065\" height=\"400\" src=\"https:\/\/cyclovac.cat\/wp-content\/uploads\/2025\/08\/FURGO.jpg\" alt=\"Servei t\u00e8cnic oficial de Cyclovac\" class=\"wp-image-783\" style=\"border-radius:10px;box-shadow:none;width:499px;height:auto\" srcset=\"https:\/\/cyclovac.cat\/wp-content\/uploads\/2025\/08\/FURGO.jpg 1065w, https:\/\/cyclovac.cat\/wp-content\/uploads\/2025\/08\/FURGO-300x113.jpg 300w, https:\/\/cyclovac.cat\/wp-content\/uploads\/2025\/08\/FURGO-1024x385.jpg 1024w, https:\/\/cyclovac.cat\/wp-content\/uploads\/2025\/08\/FURGO-768x288.jpg 768w, https:\/\/cyclovac.cat\/wp-content\/uploads\/2025\/08\/FURGO-600x225.jpg 600w\" sizes=\"auto, (max-width: 1065px) 100vw, 1065px\" \/><\/figure>\n\n\n\n<div class=\"wp-block-group has-global-padding is-layout-constrained wp-block-group-is-layout-constrained\" style=\"margin-top:-12vw\"><\/div>\n<\/div>\n\n\n\n<div class=\"wp-block-column is-vertically-aligned-center is-layout-flow wp-block-column-is-layout-flow\" style=\"padding-right:0;padding-left:0;flex-basis:60%\">\n<div class=\"wp-block-group is-vertical is-layout-flex wp-container-core-group-is-layout-fe9cc265 wp-block-group-is-layout-flex\">\n<h2 class=\"wp-block-heading is-style-text-annotation has-white-color has-text-color has-link-color wp-elements-9456f63d5a1dfc5f81467c8900dcb3cc\">Servicio T\u00e9cnico<\/h2>\n<\/div>\n\n\n\n<p class=\"is-style-text-subtitle has-white-color has-text-color has-link-color wp-elements-85f2a0513a363b90ee1d63599dfd40fc\">Servicio t\u00e9cnico oficial de Cyclovac, ofrecemos tambi\u00e9n servicio de cualquier marca de equipos de aspiraci\u00f3n centralizada, Cyclovac, Beam, Sach, Cvtech, Aertecnica, Electrolux, Duovac, Decovac, Aspiratech, etc.<\/p>\n\n\n\n<p class=\"has-white-color has-text-color has-link-color wp-elements-f9076f44c0b122b613f67f0d567941d4\">Mantenimiento de las instalaciones, sustituci\u00f3n de tomas, recambios de cepillos, ca\u00f1as, etc.<\/p>\n\n\n\n<p class=\"is-style-text-subtitle has-white-color has-text-color has-link-color wp-elements-b0a53fa2c225310b0000c179c28ac425\">Realizamos instalaciones de aspiraci\u00f3n centralizada para el sector dom\u00e9stico, terciario e industrial.<\/p>\n<\/div>\n<\/div>\n<\/div>\n\n\n\n<p><\/p>","protected":false},"excerpt":{"rendered":"<p>Inteef, empresa amb m\u00e9s de trenta anys d\u2019experi\u00e8ncia i l&#8217;afany d\u2019evolucionar juntament amb el context del mercat ens ha portat a l\u2019especialitzaci\u00f3 en instal\u00b7lacions d&#8217;aspiraci\u00f3, cercant sempre el m\u00e0xim rendiment, l&#8217;estalvi energ\u00e8tic i el confort per als usuaris de les mateixes. L\u2019equip t\u00e8cnic d&#8217;Inteef, cerca i desenvolupa la millor soluci\u00f3 per a cadascuna de les [&hellip;]<\/p>","protected":false},"author":1,"featured_media":0,"parent":0,"menu_order":0,"comment_status":"closed","ping_status":"closed","template":"","meta":{"footnotes":""},"class_list":["post-197","page","type-page","status-publish","hentry"],"yoast_head":"<!-- This site is optimized with the Yoast SEO plugin v25.5 - https:\/\/yoast.com\/wordpress\/plugins\/seo\/ -->\n<title>Servei t\u00e8cnic oficial de Cyclovac<\/title>\n<meta name=\"description\" content=\"Servei t\u00e8cnic oficial de Cyclovac, oferim tamb\u00e9 servei de qualsevol marca d\u2019equips d\u2019aspiraci\u00f3 centralitzada, Cyclovac, Beam, Sach, Cvtech, Aertecnica, Electrolux, Duovac, Decovac, Aspiratech, etc.\" \/>\n<meta name=\"robots\" content=\"index, follow, max-snippet:-1, max-image-preview:large, max-video-preview:-1\" \/>\n<link rel=\"canonical\" href=\"https:\/\/cyclovac.cat\/es\/qui-som\/\" \/>\n<meta property=\"og:locale\" content=\"es_ES\" \/>\n<meta property=\"og:type\" content=\"article\" \/>\n<meta property=\"og:title\" content=\"Servei t\u00e8cnic oficial de Cyclovac\" \/>\n<meta property=\"og:description\" content=\"Servei t\u00e8cnic oficial de Cyclovac, oferim tamb\u00e9 servei de qualsevol marca d\u2019equips d\u2019aspiraci\u00f3 centralitzada, Cyclovac, Beam, Sach, Cvtech, Aertecnica, Electrolux, Duovac, Decovac, Aspiratech, etc.\" \/>\n<meta property=\"og:url\" content=\"https:\/\/cyclovac.cat\/es\/qui-som\/\" \/>\n<meta property=\"og:site_name\" content=\"Cyclovac\" \/>\n<meta property=\"article:modified_time\" content=\"2026-01-12T10:06:53+00:00\" \/>\n<meta property=\"og:image\" content=\"https:\/\/cyclovac.cat\/wp-content\/uploads\/2025\/07\/LogoWeb.jpg\" \/>\n\t<meta property=\"og:image:width\" content=\"1205\" \/>\n\t<meta property=\"og:image:height\" content=\"290\" \/>\n\t<meta property=\"og:image:type\" content=\"image\/jpeg\" \/>\n<meta name=\"twitter:card\" content=\"summary_large_image\" \/>\n<script type=\"application\/ld+json\" class=\"yoast-schema-graph\">{\"@context\":\"https:\/\/schema.org\",\"@graph\":[{\"@type\":\"WebPage\",\"@id\":\"https:\/\/cyclovac.cat\/qui-som\/\",\"url\":\"https:\/\/cyclovac.cat\/qui-som\/\",\"name\":\"Servei t\u00e8cnic oficial de Cyclovac\",\"isPartOf\":{\"@id\":\"https:\/\/cyclovac.cat\/#website\"},\"primaryImageOfPage\":{\"@id\":\"https:\/\/cyclovac.cat\/qui-som\/#primaryimage\"},\"image\":{\"@id\":\"https:\/\/cyclovac.cat\/qui-som\/#primaryimage\"},\"thumbnailUrl\":\"https:\/\/cyclovac.cat\/wp-content\/uploads\/2025\/07\/LogoWeb.jpg\",\"datePublished\":\"2025-06-12T10:09:50+00:00\",\"dateModified\":\"2026-01-12T10:06:53+00:00\",\"description\":\"Servei t\u00e8cnic oficial de Cyclovac, oferim tamb\u00e9 servei de qualsevol marca d\u2019equips d\u2019aspiraci\u00f3 centralitzada, Cyclovac, Beam, Sach, Cvtech, Aertecnica, Electrolux, Duovac, Decovac, Aspiratech, etc.\",\"breadcrumb\":{\"@id\":\"https:\/\/cyclovac.cat\/qui-som\/#breadcrumb\"},\"inLanguage\":\"es\",\"potentialAction\":[{\"@type\":\"ReadAction\",\"target\":[\"https:\/\/cyclovac.cat\/qui-som\/\"]}]},{\"@type\":\"ImageObject\",\"inLanguage\":\"es\",\"@id\":\"https:\/\/cyclovac.cat\/qui-som\/#primaryimage\",\"url\":\"https:\/\/cyclovac.cat\/wp-content\/uploads\/2025\/07\/LogoWeb.jpg\",\"contentUrl\":\"https:\/\/cyclovac.cat\/wp-content\/uploads\/2025\/07\/LogoWeb.jpg\"},{\"@type\":\"BreadcrumbList\",\"@id\":\"https:\/\/cyclovac.cat\/qui-som\/#breadcrumb\",\"itemListElement\":[{\"@type\":\"ListItem\",\"position\":1,\"name\":\"Inici\",\"item\":\"https:\/\/cyclovac.cat\/\"},{\"@type\":\"ListItem\",\"position\":2,\"name\":\"Qui som\"}]},{\"@type\":\"WebSite\",\"@id\":\"https:\/\/cyclovac.cat\/#website\",\"url\":\"https:\/\/cyclovac.cat\/\",\"name\":\"Cyclovac\",\"description\":\"Amb m\u00e9s de 60 anys d\u2019excel\u00b7l\u00e8ncia, Cyclovac dissenya i fabrica al Canad\u00e0 sistemes d\u2019aspiraci\u00f3 central potents, silenciosos i duradors, amb garanties exclusives de 10 a 25 anys. Gr\u00e0cies a una recerca i desenvolupament continus, oferim solucions a mida que milloren la qualitat de l\u2019aire interior i faciliten la neteja di\u00e0ria. La nostra xarxa global de professionals especialitzats garanteix una instal\u00b7laci\u00f3 i un servei t\u00e8cnic \u00f2ptims, adaptats a les necessitats de cada llar.\",\"publisher\":{\"@id\":\"https:\/\/cyclovac.cat\/#organization\"},\"potentialAction\":[{\"@type\":\"SearchAction\",\"target\":{\"@type\":\"EntryPoint\",\"urlTemplate\":\"https:\/\/cyclovac.cat\/?s={search_term_string}\"},\"query-input\":{\"@type\":\"PropertyValueSpecification\",\"valueRequired\":true,\"valueName\":\"search_term_string\"}}],\"inLanguage\":\"es\"},{\"@type\":\"Organization\",\"@id\":\"https:\/\/cyclovac.cat\/#organization\",\"name\":\"Cyclovac\",\"url\":\"https:\/\/cyclovac.cat\/\",\"logo\":{\"@type\":\"ImageObject\",\"inLanguage\":\"es\",\"@id\":\"https:\/\/cyclovac.cat\/#\/schema\/logo\/image\/\",\"url\":\"https:\/\/cyclovac.cat\/wp-content\/uploads\/2025\/06\/cyclovac-logo.png\",\"contentUrl\":\"https:\/\/cyclovac.cat\/wp-content\/uploads\/2025\/06\/cyclovac-logo.png\",\"width\":303,\"height\":57,\"caption\":\"Cyclovac\"},\"image\":{\"@id\":\"https:\/\/cyclovac.cat\/#\/schema\/logo\/image\/\"}}]}<\/script>\n<!-- \/ Yoast SEO plugin. -->","yoast_head_json":{"title":"Servei t\u00e8cnic oficial de Cyclovac","description":"Servei t\u00e8cnic oficial de Cyclovac, oferim tamb\u00e9 servei de qualsevol marca d\u2019equips d\u2019aspiraci\u00f3 centralitzada, Cyclovac, Beam, Sach, Cvtech, Aertecnica, Electrolux, Duovac, Decovac, Aspiratech, etc.","robots":{"index":"index","follow":"follow","max-snippet":"max-snippet:-1","max-image-preview":"max-image-preview:large","max-video-preview":"max-video-preview:-1"},"canonical":"https:\/\/cyclovac.cat\/es\/qui-som\/","og_locale":"es_ES","og_type":"article","og_title":"Servei t\u00e8cnic oficial de Cyclovac","og_description":"Servei t\u00e8cnic oficial de Cyclovac, oferim tamb\u00e9 servei de qualsevol marca d\u2019equips d\u2019aspiraci\u00f3 centralitzada, Cyclovac, Beam, Sach, Cvtech, Aertecnica, Electrolux, Duovac, Decovac, Aspiratech, etc.","og_url":"https:\/\/cyclovac.cat\/es\/qui-som\/","og_site_name":"Cyclovac","article_modified_time":"2026-01-12T10:06:53+00:00","og_image":[{"width":1205,"height":290,"url":"https:\/\/cyclovac.cat\/wp-content\/uploads\/2025\/07\/LogoWeb.jpg","type":"image\/jpeg"}],"twitter_card":"summary_large_image","schema":{"@context":"https:\/\/schema.org","@graph":[{"@type":"WebPage","@id":"https:\/\/cyclovac.cat\/qui-som\/","url":"https:\/\/cyclovac.cat\/qui-som\/","name":"Servei t\u00e8cnic oficial de Cyclovac","isPartOf":{"@id":"https:\/\/cyclovac.cat\/#website"},"primaryImageOfPage":{"@id":"https:\/\/cyclovac.cat\/qui-som\/#primaryimage"},"image":{"@id":"https:\/\/cyclovac.cat\/qui-som\/#primaryimage"},"thumbnailUrl":"https:\/\/cyclovac.cat\/wp-content\/uploads\/2025\/07\/LogoWeb.jpg","datePublished":"2025-06-12T10:09:50+00:00","dateModified":"2026-01-12T10:06:53+00:00","description":"Servei t\u00e8cnic oficial de Cyclovac, oferim tamb\u00e9 servei de qualsevol marca d\u2019equips d\u2019aspiraci\u00f3 centralitzada, Cyclovac, Beam, Sach, Cvtech, Aertecnica, Electrolux, Duovac, Decovac, Aspiratech, etc.","breadcrumb":{"@id":"https:\/\/cyclovac.cat\/qui-som\/#breadcrumb"},"inLanguage":"es","potentialAction":[{"@type":"ReadAction","target":["https:\/\/cyclovac.cat\/qui-som\/"]}]},{"@type":"ImageObject","inLanguage":"es","@id":"https:\/\/cyclovac.cat\/qui-som\/#primaryimage","url":"https:\/\/cyclovac.cat\/wp-content\/uploads\/2025\/07\/LogoWeb.jpg","contentUrl":"https:\/\/cyclovac.cat\/wp-content\/uploads\/2025\/07\/LogoWeb.jpg"},{"@type":"BreadcrumbList","@id":"https:\/\/cyclovac.cat\/qui-som\/#breadcrumb","itemListElement":[{"@type":"ListItem","position":1,"name":"Inici","item":"https:\/\/cyclovac.cat\/"},{"@type":"ListItem","position":2,"name":"Qui som"}]},{"@type":"WebSite","@id":"https:\/\/cyclovac.cat\/#website","url":"https:\/\/cyclovac.cat\/","name":"Cyclovac","description":"Amb m\u00e9s de 60 anys d\u2019excel\u00b7l\u00e8ncia, Cyclovac dissenya i fabrica al Canad\u00e0 sistemes d\u2019aspiraci\u00f3 central potents, silenciosos i duradors, amb garanties exclusives de 10 a 25 anys. Gr\u00e0cies a una recerca i desenvolupament continus, oferim solucions a mida que milloren la qualitat de l\u2019aire interior i faciliten la neteja di\u00e0ria. La nostra xarxa global de professionals especialitzats garanteix una instal\u00b7laci\u00f3 i un servei t\u00e8cnic \u00f2ptims, adaptats a les necessitats de cada llar.","publisher":{"@id":"https:\/\/cyclovac.cat\/#organization"},"potentialAction":[{"@type":"SearchAction","target":{"@type":"EntryPoint","urlTemplate":"https:\/\/cyclovac.cat\/?s={search_term_string}"},"query-input":{"@type":"PropertyValueSpecification","valueRequired":true,"valueName":"search_term_string"}}],"inLanguage":"es"},{"@type":"Organization","@id":"https:\/\/cyclovac.cat\/#organization","name":"Cyclovac","url":"https:\/\/cyclovac.cat\/","logo":{"@type":"ImageObject","inLanguage":"es","@id":"https:\/\/cyclovac.cat\/#\/schema\/logo\/image\/","url":"https:\/\/cyclovac.cat\/wp-content\/uploads\/2025\/06\/cyclovac-logo.png","contentUrl":"https:\/\/cyclovac.cat\/wp-content\/uploads\/2025\/06\/cyclovac-logo.png","width":303,"height":57,"caption":"Cyclovac"},"image":{"@id":"https:\/\/cyclovac.cat\/#\/schema\/logo\/image\/"}}]}},"_links":{"self":[{"href":"https:\/\/cyclovac.cat\/es\/wp-json\/wp\/v2\/pages\/197","targetHints":{"allow":["GET"]}}],"collection":[{"href":"https:\/\/cyclovac.cat\/es\/wp-json\/wp\/v2\/pages"}],"about":[{"href":"https:\/\/cyclovac.cat\/es\/wp-json\/wp\/v2\/types\/page"}],"author":[{"embeddable":true,"href":"https:\/\/cyclovac.cat\/es\/wp-json\/wp\/v2\/users\/1"}],"replies":[{"embeddable":true,"href":"https:\/\/cyclovac.cat\/es\/wp-json\/wp\/v2\/comments?post=197"}],"version-history":[{"count":24,"href":"https:\/\/cyclovac.cat\/es\/wp-json\/wp\/v2\/pages\/197\/revisions"}],"predecessor-version":[{"id":831,"href":"https:\/\/cyclovac.cat\/es\/wp-json\/wp\/v2\/pages\/197\/revisions\/831"}],"wp:attachment":[{"href":"https:\/\/cyclovac.cat\/es\/wp-json\/wp\/v2\/media?parent=197"}],"curies":[{"name":"wp","href":"https:\/\/api.w.org\/{rel}","templated":true}]}}