{"id":3,"date":"2025-06-03T11:53:41","date_gmt":"2025-06-03T09:53:41","guid":{"rendered":"https:\/\/cyclovac.cat\/?page_id=3"},"modified":"2026-01-12T12:05:54","modified_gmt":"2026-01-12T10:05:54","slug":"politica-de-privadesa","status":"publish","type":"page","link":"https:\/\/cyclovac.cat\/es\/politica-de-privadesa\/","title":{"rendered":"Pol\u00edtica de privacidad"},"content":{"rendered":"<h2 class=\"wp-block-heading\"><\/h2>\n\n\n\n<p><strong>En compliment del Reglament (UE) 2016\/679 del Parlament Europeu i del Consell, de 27 d\u2019abril de 2016, relatiu a la protecci\u00f3 de les persones f\u00edsiques pel que fa al tractament de dades personals, pel qual es deroga la Directiva 95\/46\/CE (en endavant, RGPD), de la Llei 34\/2002, d\u201911 de juliol, de serveis de la societat de la informaci\u00f3 i comer\u00e7 electr\u00f2nic (en endavant, LSSI-CE), i de la Llei Org\u00e0nica 3\/2018, de Protecci\u00f3 de Dades Personals i garantia dels drets digitals (en endavant, LOPDGDD), les dades personals facilitades pels usuaris i clients d\u2019Instal\u00b7lacions T\u00e8cniques Eficients, S.L. a trav\u00e9s del seu lloc web queden incorporades al fitxer automatitzat corresponent, degudament inscrit i del qual \u00e9s responsable Instal\u00b7lacions T\u00e8cniques Eficients, S.L..<\/strong><\/p>\n\n\n\n<p>Instal\u00b7lacions T\u00e8cniques Eficients, S.L. \u00e9s la titular de la p\u00e0gina web <a>www.cyclovac.cat<\/a> i de la resta de dominis que pugui tenir registrats i que redirigeixen a aquesta p\u00e0gina, amb l\u2019objectiu d\u2019informar, oferir, publicar i vendre productes d\u2019aspiraci\u00f3 a clients finals, que poden ser tant persones f\u00edsiques com jur\u00eddiques.<\/p>\n\n\n\n<p>Instal\u00b7lacions T\u00e8cniques Eficients, S.L. recull i emmagatzema dades de:<\/p>\n\n\n\n<ol class=\"wp-block-list\">\n<li>Els usuaris del lloc web que, de manera volunt\u00e0ria, desitgin rebre informaci\u00f3 sobre els productes i serveis oferts i s\u2019hagin registrat amb aquesta finalitat.<\/li>\n\n\n\n<li>Aquells que, per efectuar les seves compres, hagin de facilitar les seves dades personals, de contacte, d\u2019entrega i de pagament per formalitzar l\u2019operaci\u00f3.<\/li>\n<\/ol>\n\n\n\n<p>Instal\u00b7lacions T\u00e8cniques Eficients, S.L. recollir\u00e0 les dades dels usuaris i clients mitjan\u00e7ant els formularis habilitats al lloc web <a>www.cyclovac.cat<\/a> a tal efecte. En cas de no emplenar els camps requerits com a obligatoris, no es podr\u00e0 completar el registre i, per tant, no es podr\u00e0 efectuar cap compra ni accedir als serveis especials per a usuaris registrats.<\/p>\n\n\n\n<p><strong>Queda prohibit el registre de dades al lloc web per part de menors sense el consentiment dels seus representants legals.<\/strong><br>L\u2019usuari ser\u00e0 responsable de la veracitat de totes les dades aportades i, en particular, de l\u2019edat que es requereix informar al formulari de registre.<\/p>\n\n\n\n<p>L\u2019usuari, mitjan\u00e7ant la marcaci\u00f3 de la casella corresponent en cada cas, <strong>accepta de manera expressa, lliure i inequ\u00edvoca que les seves dades personals siguin tractades per Instal\u00b7lacions T\u00e8cniques Eficients, S.L. per a les finalitats per les quals han estat facilitades.<\/strong><br>L\u2019usuari garanteix que les dades facilitades s\u00f3n ver\u00eddiques i es compromet a comunicar qualsevol modificaci\u00f3.<br>En cas que les dades siguin inexactes, incompletes o hagin deixat de ser necess\u00e0ries per a la seva finalitat, Instal\u00b7lacions T\u00e8cniques Eficients, S.L. les cancel\u00b7lar\u00e0, desinstal\u00b7lar\u00e0, esborrar\u00e0 o bloquejar\u00e0.<\/p>\n\n\n\n<p>Els servidors del lloc web poden detectar autom\u00e0ticament l\u2019adre\u00e7a IP i el nom de domini utilitzats per l\u2019usuari. Aquesta informaci\u00f3 s\u2019emmagatzema en un fitxer d\u2019activitat del servidor, degudament inscrit, que permet el posterior processament de dades amb finalitats exclusivament estad\u00edstiques: nombre de p\u00e0gines vistes, visites als serveis web, ordre de visites, punts d\u2019acc\u00e9s, etc.<\/p>\n\n\n\n<p><strong>Instal\u00b7lacions T\u00e8cniques Eficients, S.L., per compte propi o a trav\u00e9s d\u2019un tercer contractat per a la prestaci\u00f3 de serveis d\u2019intermediaci\u00f3, pot utilitzar galetes (cookies)<\/strong> quan l\u2019usuari navega pel lloc web.<br>Les galetes s\u00f3n fitxers enviats al navegador a trav\u00e9s d\u2019un servidor web amb la finalitat de registrar l\u2019activitat de l\u2019usuari durant la navegaci\u00f3.<br>Les galetes utilitzades s\u2019associen \u00fanicament amb un usuari an\u00f2nim i el seu ordinador, i <strong>no proporcionen dades personals per si mateixes.<\/strong><\/p>\n\n\n\n<p>L\u2019\u00fas de galetes permet que el servidor on es troba el lloc web reconegui el navegador utilitzat per l\u2019usuari amb la finalitat de millorar la navegaci\u00f3. En qualsevol cas, l\u2019usuari t\u00e9 la possibilitat de configurar el seu navegador per ser avisat de la recepci\u00f3 de galetes i impedir-ne la instal\u00b7laci\u00f3 al seu equip.<\/p>\n\n\n\n<p>Les galetes utilitzades al lloc web tenen, en qualsevol cas, car\u00e0cter temporal i nom\u00e9s serveixen per fer m\u00e9s eficient la transmissi\u00f3 posterior. En cap cas s\u2019utilitzaran per recollir informaci\u00f3 de car\u00e0cter personal.<\/p>\n\n\n\n<p><strong>Instal\u00b7lacions T\u00e8cniques Eficients, S.L. garanteix als seus usuaris i clients que les seves dades no seran cedides a tercers sense el consentiment previ, informat i inequ\u00edvoc per a cada cas concret.<\/strong><br>No obstant aix\u00f2, Instal\u00b7lacions T\u00e8cniques Eficients, S.L. podr\u00e0 revelar dades personals i altra informaci\u00f3 a les autoritats p\u00fabliques competents, pr\u00e8via sol\u00b7licitud, d\u2019acord amb la normativa aplicable.<\/p>\n\n\n\n<p>Els usuaris tenen dret d\u2019acc\u00e9s, oposici\u00f3, rectificaci\u00f3 i cancel\u00b7laci\u00f3 o desinstal\u00b7laci\u00f3 de les seves dades, d\u2019acord amb els articles 15 a 17 de la LOPD.<br>Aquests drets es poden exercir enviant una sol\u00b7licitud corresponent, juntament amb una c\u00f2pia del DNI, mitjan\u00e7ant correu electr\u00f2nic a: <strong><a>online@inteef.com<\/a><\/strong><\/p>\n\n\n\n<p>De conformitat amb el reglament sobre protecci\u00f3 de dades de car\u00e0cter personal, Instal\u00b7lacions T\u00e8cniques Eficients, S.L. informa que ha implantat les <strong>mesures de seguretat t\u00e8cniques i organitzatives<\/strong> necess\u00e0ries per garantir la seguretat de les dades personals i evitar-ne l\u2019alteraci\u00f3, p\u00e8rdua, tractament o acc\u00e9s no autoritzat, tenint en compte l\u2019estat de la tecnologia, la naturalesa de les dades emmagatzemades i els riscos a qu\u00e8 estan exposades, tant d\u2019origen hum\u00e0 com f\u00edsic o natural.<\/p>\n\n\n\n<hr class=\"wp-block-separator has-alpha-channel-opacity\"\/>\n\n\n\n<p><\/p>","protected":false},"excerpt":{"rendered":"<p>En compliment del Reglament (UE) 2016\/679 del Parlament Europeu i del Consell, de 27 d\u2019abril de 2016, relatiu a la protecci\u00f3 de les persones f\u00edsiques pel que fa al tractament de dades personals, pel qual es deroga la Directiva 95\/46\/CE (en endavant, RGPD), de la Llei 34\/2002, d\u201911 de juliol, de serveis de la societat [&hellip;]<\/p>","protected":false},"author":1,"featured_media":0,"parent":0,"menu_order":0,"comment_status":"closed","ping_status":"open","template":"","meta":{"footnotes":""},"class_list":["post-3","page","type-page","status-publish","hentry"],"yoast_head":"<!-- This site is optimized with the Yoast SEO plugin v25.5 - https:\/\/yoast.com\/wordpress\/plugins\/seo\/ -->\n<title>Pol\u00edtica de privacitat - Cyclovac<\/title>\n<meta name=\"robots\" content=\"index, follow, max-snippet:-1, max-image-preview:large, max-video-preview:-1\" \/>\n<link rel=\"canonical\" href=\"https:\/\/cyclovac.cat\/es\/politica-de-privadesa\/\" \/>\n<meta property=\"og:locale\" content=\"es_ES\" \/>\n<meta property=\"og:type\" content=\"article\" \/>\n<meta property=\"og:title\" content=\"Pol\u00edtica de privacitat - Cyclovac\" \/>\n<meta property=\"og:description\" content=\"En compliment del Reglament (UE) 2016\/679 del Parlament Europeu i del Consell, de 27 d\u2019abril de 2016, relatiu a la protecci\u00f3 de les persones f\u00edsiques pel que fa al tractament de dades personals, pel qual es deroga la Directiva 95\/46\/CE (en endavant, RGPD), de la Llei 34\/2002, d\u201911 de juliol, de serveis de la societat [&hellip;]\" \/>\n<meta property=\"og:url\" content=\"https:\/\/cyclovac.cat\/es\/politica-de-privadesa\/\" \/>\n<meta property=\"og:site_name\" content=\"Cyclovac\" \/>\n<meta property=\"article:modified_time\" content=\"2026-01-12T10:05:54+00:00\" \/>\n<meta name=\"twitter:card\" content=\"summary_large_image\" \/>\n<script type=\"application\/ld+json\" class=\"yoast-schema-graph\">{\"@context\":\"https:\/\/schema.org\",\"@graph\":[{\"@type\":\"WebPage\",\"@id\":\"https:\/\/cyclovac.cat\/politica-de-privadesa\/\",\"url\":\"https:\/\/cyclovac.cat\/politica-de-privadesa\/\",\"name\":\"Pol\u00edtica de privacitat - Cyclovac\",\"isPartOf\":{\"@id\":\"https:\/\/cyclovac.cat\/#website\"},\"datePublished\":\"2025-06-03T09:53:41+00:00\",\"dateModified\":\"2026-01-12T10:05:54+00:00\",\"breadcrumb\":{\"@id\":\"https:\/\/cyclovac.cat\/politica-de-privadesa\/#breadcrumb\"},\"inLanguage\":\"es\",\"potentialAction\":[{\"@type\":\"ReadAction\",\"target\":[\"https:\/\/cyclovac.cat\/politica-de-privadesa\/\"]}]},{\"@type\":\"BreadcrumbList\",\"@id\":\"https:\/\/cyclovac.cat\/politica-de-privadesa\/#breadcrumb\",\"itemListElement\":[{\"@type\":\"ListItem\",\"position\":1,\"name\":\"Inici\",\"item\":\"https:\/\/cyclovac.cat\/\"},{\"@type\":\"ListItem\",\"position\":2,\"name\":\"Pol\u00edtica de privacitat\"}]},{\"@type\":\"WebSite\",\"@id\":\"https:\/\/cyclovac.cat\/#website\",\"url\":\"https:\/\/cyclovac.cat\/\",\"name\":\"Cyclovac\",\"description\":\"Amb m\u00e9s de 60 anys d\u2019excel\u00b7l\u00e8ncia, Cyclovac dissenya i fabrica al Canad\u00e0 sistemes d\u2019aspiraci\u00f3 central potents, silenciosos i duradors, amb garanties exclusives de 10 a 25 anys. Gr\u00e0cies a una recerca i desenvolupament continus, oferim solucions a mida que milloren la qualitat de l\u2019aire interior i faciliten la neteja di\u00e0ria. La nostra xarxa global de professionals especialitzats garanteix una instal\u00b7laci\u00f3 i un servei t\u00e8cnic \u00f2ptims, adaptats a les necessitats de cada llar.\",\"publisher\":{\"@id\":\"https:\/\/cyclovac.cat\/#organization\"},\"potentialAction\":[{\"@type\":\"SearchAction\",\"target\":{\"@type\":\"EntryPoint\",\"urlTemplate\":\"https:\/\/cyclovac.cat\/?s={search_term_string}\"},\"query-input\":{\"@type\":\"PropertyValueSpecification\",\"valueRequired\":true,\"valueName\":\"search_term_string\"}}],\"inLanguage\":\"es\"},{\"@type\":\"Organization\",\"@id\":\"https:\/\/cyclovac.cat\/#organization\",\"name\":\"Cyclovac\",\"url\":\"https:\/\/cyclovac.cat\/\",\"logo\":{\"@type\":\"ImageObject\",\"inLanguage\":\"es\",\"@id\":\"https:\/\/cyclovac.cat\/#\/schema\/logo\/image\/\",\"url\":\"https:\/\/cyclovac.cat\/wp-content\/uploads\/2025\/06\/cyclovac-logo.png\",\"contentUrl\":\"https:\/\/cyclovac.cat\/wp-content\/uploads\/2025\/06\/cyclovac-logo.png\",\"width\":303,\"height\":57,\"caption\":\"Cyclovac\"},\"image\":{\"@id\":\"https:\/\/cyclovac.cat\/#\/schema\/logo\/image\/\"}}]}<\/script>\n<!-- \/ Yoast SEO plugin. -->","yoast_head_json":{"title":"Pol\u00edtica de privacitat - Cyclovac","robots":{"index":"index","follow":"follow","max-snippet":"max-snippet:-1","max-image-preview":"max-image-preview:large","max-video-preview":"max-video-preview:-1"},"canonical":"https:\/\/cyclovac.cat\/es\/politica-de-privadesa\/","og_locale":"es_ES","og_type":"article","og_title":"Pol\u00edtica de privacitat - Cyclovac","og_description":"En compliment del Reglament (UE) 2016\/679 del Parlament Europeu i del Consell, de 27 d\u2019abril de 2016, relatiu a la protecci\u00f3 de les persones f\u00edsiques pel que fa al tractament de dades personals, pel qual es deroga la Directiva 95\/46\/CE (en endavant, RGPD), de la Llei 34\/2002, d\u201911 de juliol, de serveis de la societat [&hellip;]","og_url":"https:\/\/cyclovac.cat\/es\/politica-de-privadesa\/","og_site_name":"Cyclovac","article_modified_time":"2026-01-12T10:05:54+00:00","twitter_card":"summary_large_image","schema":{"@context":"https:\/\/schema.org","@graph":[{"@type":"WebPage","@id":"https:\/\/cyclovac.cat\/politica-de-privadesa\/","url":"https:\/\/cyclovac.cat\/politica-de-privadesa\/","name":"Pol\u00edtica de privacitat - Cyclovac","isPartOf":{"@id":"https:\/\/cyclovac.cat\/#website"},"datePublished":"2025-06-03T09:53:41+00:00","dateModified":"2026-01-12T10:05:54+00:00","breadcrumb":{"@id":"https:\/\/cyclovac.cat\/politica-de-privadesa\/#breadcrumb"},"inLanguage":"es","potentialAction":[{"@type":"ReadAction","target":["https:\/\/cyclovac.cat\/politica-de-privadesa\/"]}]},{"@type":"BreadcrumbList","@id":"https:\/\/cyclovac.cat\/politica-de-privadesa\/#breadcrumb","itemListElement":[{"@type":"ListItem","position":1,"name":"Inici","item":"https:\/\/cyclovac.cat\/"},{"@type":"ListItem","position":2,"name":"Pol\u00edtica de privacitat"}]},{"@type":"WebSite","@id":"https:\/\/cyclovac.cat\/#website","url":"https:\/\/cyclovac.cat\/","name":"Cyclovac","description":"Amb m\u00e9s de 60 anys d\u2019excel\u00b7l\u00e8ncia, Cyclovac dissenya i fabrica al Canad\u00e0 sistemes d\u2019aspiraci\u00f3 central potents, silenciosos i duradors, amb garanties exclusives de 10 a 25 anys. Gr\u00e0cies a una recerca i desenvolupament continus, oferim solucions a mida que milloren la qualitat de l\u2019aire interior i faciliten la neteja di\u00e0ria. La nostra xarxa global de professionals especialitzats garanteix una instal\u00b7laci\u00f3 i un servei t\u00e8cnic \u00f2ptims, adaptats a les necessitats de cada llar.","publisher":{"@id":"https:\/\/cyclovac.cat\/#organization"},"potentialAction":[{"@type":"SearchAction","target":{"@type":"EntryPoint","urlTemplate":"https:\/\/cyclovac.cat\/?s={search_term_string}"},"query-input":{"@type":"PropertyValueSpecification","valueRequired":true,"valueName":"search_term_string"}}],"inLanguage":"es"},{"@type":"Organization","@id":"https:\/\/cyclovac.cat\/#organization","name":"Cyclovac","url":"https:\/\/cyclovac.cat\/","logo":{"@type":"ImageObject","inLanguage":"es","@id":"https:\/\/cyclovac.cat\/#\/schema\/logo\/image\/","url":"https:\/\/cyclovac.cat\/wp-content\/uploads\/2025\/06\/cyclovac-logo.png","contentUrl":"https:\/\/cyclovac.cat\/wp-content\/uploads\/2025\/06\/cyclovac-logo.png","width":303,"height":57,"caption":"Cyclovac"},"image":{"@id":"https:\/\/cyclovac.cat\/#\/schema\/logo\/image\/"}}]}},"_links":{"self":[{"href":"https:\/\/cyclovac.cat\/es\/wp-json\/wp\/v2\/pages\/3","targetHints":{"allow":["GET"]}}],"collection":[{"href":"https:\/\/cyclovac.cat\/es\/wp-json\/wp\/v2\/pages"}],"about":[{"href":"https:\/\/cyclovac.cat\/es\/wp-json\/wp\/v2\/types\/page"}],"author":[{"embeddable":true,"href":"https:\/\/cyclovac.cat\/es\/wp-json\/wp\/v2\/users\/1"}],"replies":[{"embeddable":true,"href":"https:\/\/cyclovac.cat\/es\/wp-json\/wp\/v2\/comments?post=3"}],"version-history":[{"count":5,"href":"https:\/\/cyclovac.cat\/es\/wp-json\/wp\/v2\/pages\/3\/revisions"}],"predecessor-version":[{"id":773,"href":"https:\/\/cyclovac.cat\/es\/wp-json\/wp\/v2\/pages\/3\/revisions\/773"}],"wp:attachment":[{"href":"https:\/\/cyclovac.cat\/es\/wp-json\/wp\/v2\/media?parent=3"}],"curies":[{"name":"wp","href":"https:\/\/api.w.org\/{rel}","templated":true}]}}