{"id":739,"date":"2025-07-31T13:14:01","date_gmt":"2025-07-31T11:14:01","guid":{"rendered":"https:\/\/cyclovac.cat\/?page_id=739"},"modified":"2026-01-12T12:05:30","modified_gmt":"2026-01-12T10:05:30","slug":"politica-de-galetes","status":"publish","type":"page","link":"https:\/\/cyclovac.cat\/es\/politica-de-galetes\/","title":{"rendered":"Pol\u00edtica de cookies"},"content":{"rendered":"<p><strong>Qu\u00e8 s\u00f3n les galetes<\/strong><br><br>Les galetes s\u00f3n petits arxius de dades que es reben al terminal des del lloc web visitat i s&#8217;utilitzen per registrar algunes interaccions de la navegaci\u00f3 d&#8217;un lloc web emmagatzemant dades que podran ser actualitzats i recuperats. Aquests arxius es guarden a l&#8217;ordinador de l&#8217;usuari i cont\u00e9 dades an\u00f2nimes que no s\u00f3n perjudicials per al seu equip. S&#8217;utilitzen per recordar les prefer\u00e8ncies de l&#8217;usuari, com l&#8217;idioma seleccionat, dades d&#8217;acc\u00e9s o personalitzaci\u00f3 de la p\u00e0gina.<br><br>Les galetes tamb\u00e9 es poden utilitzar per registrar informaci\u00f3 an\u00f2nima sobre com un visitant utilitza un lloc. Per exemple, des de quina p\u00e0gina web s&#8217;ha accedit, o si s&#8217;ha utilitzat un baner publicitari per arribar.<\/p>\n\n\n\n<p><br><strong>Per qu\u00e8 utilitzem galetes?<\/strong><br><br>Aquesta web utilitza galetes estrictament necess\u00e0ries i essencials perqu\u00e8 vost\u00e8 utilitzi el nostre lloc web i li permetin moure&#8217;s lliurement, utilitzar \u00e0rees segures, opcions personalitzades&#8230; A m\u00e9s utilitzem les galetes per recollir les dades relatives a l&#8217;an\u00e0lisi de l&#8217;\u00fas de la web. Aquestes s&#8217;utilitzen per ajudar a millorar el servei al client, mesurant l&#8217;\u00fas i el rendiment de la p\u00e0gina per optimitzar-la i personalitzar-la.<\/p>\n\n\n\n<p><br><strong>Quina utilitat li donem als diferents tipus de galetes?<\/strong><br><br>Galetes t\u00e8cniques: s\u00f3n aquelles imprescindibles i estrictament necess\u00e0ries pel correcte funcionament d&#8217;un portal web i la utilitzaci\u00f3 de les diferents opcions i serveis que ofereixen.<br><br>Galetes de personalitzaci\u00f3: permeten a l&#8217;usuari especificar o personalitzar algunes caracter\u00edstiques de les opcions generals de la p\u00e0gina web.<br><br>Galetes anal\u00edtiques: les utilitzem per crear perfils de navegaci\u00f3 i poder con\u00e8ixer les prefer\u00e8ncies dels usuaris amb la finalitat de millorar l&#8217;oferta de productes i serveis.<br><br>Galetes de publicitat: permeten guardar informaci\u00f3 del comportament per mitj\u00e0 de l&#8217;observaci\u00f3 dels h\u00e0bits, estudiant els accessos i creant un perfil de prefer\u00e8ncies de l&#8217;usuari per oferir publicitat relacionada amb els seus interessos.<br><br>Segons el termini aquestes galetes les podem definir com:<br><br>Galetes de sessi\u00f3: s\u00f3n aquelles que duren el temps que l&#8217;usuari est\u00e0 navegant per la p\u00e0gina web i s&#8217;eliminen quan s&#8217;acaba.<br><br>Galetes permanents: s\u00f3n aquelles que queden guardades al terminal de l&#8217;usuari, per un temps m\u00e9s llarg, facilitant el control de les prefer\u00e8ncies escollides sense haver de repetir certs par\u00e0metres cada vegada que es visiti el lloc web.<\/p>\n\n\n\n<p><br><strong>Galetes de tercers<\/strong><br><br>Galetes d&#8217;an\u00e0lisi: permeten quantificar el nombre d&#8217;usuaris i aix\u00ed realitzar el mesurament i an\u00e0lisi estad\u00edstic de la utilitzaci\u00f3 que fan els usuaris del servei ofert. Per aix\u00f2 s&#8217;analitza la seva navegaci\u00f3 a la nostra p\u00e0gina web per tal de millorar l&#8217;oferta de productes o serveis que li oferim.<br><br>Coneix els tercers:<br>&#8211;&nbsp;&nbsp;&nbsp; <a href=\"https:\/\/developers.google.com\/analytics\/devguides\/collection\/analyticsjs\/cookie-usage?hl=es\" target=\"_blank\" rel=\"noreferrer noopener\">Google analytics<\/a><br><br>Galetes utilitzades per complements de prove\u00efdors externs de contingut: permeten accedir a continguts o serveis proporcionats per tercers, per exemple veure els v\u00eddeos allotjats a Vimeo o Youtube.<\/p>\n\n\n\n<p>Coneix els tercers:<br>&#8211;&nbsp;&nbsp;&nbsp; <a href=\"https:\/\/www.adobe.com\/es\/privacy\/cookies.html\" target=\"_blank\" rel=\"noreferrer noopener\">Adobe<\/a><br>&#8211;&nbsp;&nbsp;&nbsp; <a href=\"https:\/\/es-es.facebook.com\/policies\/cookies\/\" target=\"_blank\" rel=\"noreferrer noopener\">Facebook<\/a><br>&#8211;&nbsp;&nbsp;&nbsp; <a href=\"https:\/\/policies.google.com\/technologies\/types?hl=es\" target=\"_blank\" rel=\"noreferrer noopener\">Google maps<\/a><br>&#8211;&nbsp;&nbsp;&nbsp; <a href=\"https:\/\/help.instagram.com\/1896641480634370?ref=ig%2C\" target=\"_blank\" rel=\"noreferrer noopener\">Instagram<\/a><br>&#8211;&nbsp;&nbsp;&nbsp; <a href=\"https:\/\/www.linkedin.com\/legal\/cookie-policy?_l=es_ES\" target=\"_blank\" rel=\"noreferrer noopener\">Linkedin<\/a><br>&#8211;&nbsp;&nbsp;&nbsp; <a href=\"https:\/\/policy.pinterest.com\/es\/cookies\" target=\"_blank\" rel=\"noreferrer noopener\">Pinterest<\/a><br>&#8211;&nbsp;&nbsp;&nbsp; <a href=\"https:\/\/twitter.com\/en\/privacy\" target=\"_blank\" rel=\"noreferrer noopener\">Twitter<\/a><br>&#8211;&nbsp;&nbsp;&nbsp; <a href=\"https:\/\/vimeo.com\/cookie_policy\" target=\"_blank\" rel=\"noreferrer noopener\">Vimeo<\/a><br>&#8211;&nbsp;&nbsp;&nbsp; <a href=\"https:\/\/policies.google.com\/privacy?hl=es&amp;gl=es\" target=\"_blank\" rel=\"noreferrer noopener\">Youtube<\/a><\/p>\n\n\n\n<p><br><strong>I si no vull tenir aquestes galetes o no faig res al respecte?<\/strong><br><br>Per complir amb la legislaci\u00f3 vigent, hem de demanar el seu perm\u00eds per gestionar galetes. Si decideix no autoritzar el tractament indicant la seva no conformitat, nom\u00e9s utilitzarem les galetes t\u00e8cniques, ja que s\u00f3n imprescindibles per a la navegaci\u00f3 a la nostra web. En aquest cas, no guardem cap galeta. En cas de continuar navegant per la web sense denegar la seva autoritzaci\u00f3 implica que n&#8217;accepta l&#8217;\u00fas.<br><br>Ha de tenir en compte que si refusa o elimina les galetes de navegaci\u00f3 per la web, no podrem mantenir les seves prefer\u00e8ncies, algunes caracter\u00edstiques de les p\u00e0gines no estaran operatives, no podrem oferir serveis personalitzats i cada vegada que hagi de navegar per la web haurem de tornar a demanar l&#8217;autoritzaci\u00f3 per l&#8217;\u00fas de les galetes.<br><br>Si aix\u00ed i tot, decideix modificar la configuraci\u00f3 del seu acc\u00e9s a la p\u00e0gina web, ha de saber que \u00e9s possible eliminar les galetes o impedir que es registri aquesta informaci\u00f3 al seu equip en qualsevol moment modificant els par\u00e0metres corresponent segons el navegador:<br>&#8211;&nbsp;&nbsp;&nbsp; <a href=\"https:\/\/support.google.com\/chrome\/answer\/95647?hl=es\" target=\"_blank\" rel=\"noreferrer noopener\">Chrome<\/a><br>&#8211;&nbsp;&nbsp;&nbsp; <a href=\"https:\/\/support.google.com\/chrome\/answer\/114662?hl=es&amp;visit_id=637366229830463074-1900085083&amp;rd=1\" target=\"_blank\" rel=\"noreferrer noopener\">Chrome para Android<\/a><br>&#8211;&nbsp;&nbsp;&nbsp; <a href=\"https:\/\/support.microsoft.com\/es-es\/help\/17442\/windows-internet-explorer-delete-manage-cookies\" target=\"_blank\" rel=\"noreferrer noopener\">Explorer<\/a><br>&#8211;&nbsp;&nbsp;&nbsp; <a href=\"https:\/\/www.mozilla.org\/es-ES\/privacy\/websites\/#cookies\" target=\"_blank\" rel=\"noreferrer noopener\">Firefox<\/a><br>&#8211;&nbsp;&nbsp;&nbsp; <a href=\"https:\/\/help.opera.com\/en\/latest\/web-preferences\/#cookies\" target=\"_blank\" rel=\"noreferrer noopener\">Opera<\/a><br>&#8211;&nbsp;&nbsp;&nbsp; <a href=\"https:\/\/www.apple.com\/legal\/privacy\/es\/cookies\/\" target=\"_blank\" rel=\"noreferrer noopener\">Safari<\/a><br>&#8211;&nbsp;&nbsp;&nbsp; <a href=\"https:\/\/support.apple.com\/ca-es\/HT201265\" target=\"_blank\" rel=\"noreferrer noopener\">Safari para IOS<\/a><\/p>","protected":false},"excerpt":{"rendered":"<p>Qu\u00e8 s\u00f3n les galetes Les galetes s\u00f3n petits arxius de dades que es reben al terminal des del lloc web visitat i s&#8217;utilitzen per registrar algunes interaccions de la navegaci\u00f3 d&#8217;un lloc web emmagatzemant dades que podran ser actualitzats i recuperats. Aquests arxius es guarden a l&#8217;ordinador de l&#8217;usuari i cont\u00e9 dades an\u00f2nimes que no [&hellip;]<\/p>","protected":false},"author":1,"featured_media":0,"parent":0,"menu_order":0,"comment_status":"closed","ping_status":"closed","template":"","meta":{"footnotes":""},"class_list":["post-739","page","type-page","status-publish","hentry"],"yoast_head":"<!-- This site is optimized with the Yoast SEO plugin v25.5 - https:\/\/yoast.com\/wordpress\/plugins\/seo\/ -->\n<title>Pol\u00edtica de galetes - Cyclovac<\/title>\n<meta name=\"robots\" content=\"index, follow, max-snippet:-1, max-image-preview:large, max-video-preview:-1\" \/>\n<link rel=\"canonical\" href=\"https:\/\/cyclovac.cat\/es\/politica-de-galetes\/\" \/>\n<meta property=\"og:locale\" content=\"es_ES\" \/>\n<meta property=\"og:type\" content=\"article\" \/>\n<meta property=\"og:title\" content=\"Pol\u00edtica de galetes - Cyclovac\" \/>\n<meta property=\"og:description\" content=\"Qu\u00e8 s\u00f3n les galetes Les galetes s\u00f3n petits arxius de dades que es reben al terminal des del lloc web visitat i s&#8217;utilitzen per registrar algunes interaccions de la navegaci\u00f3 d&#8217;un lloc web emmagatzemant dades que podran ser actualitzats i recuperats. Aquests arxius es guarden a l&#8217;ordinador de l&#8217;usuari i cont\u00e9 dades an\u00f2nimes que no [&hellip;]\" \/>\n<meta property=\"og:url\" content=\"https:\/\/cyclovac.cat\/es\/politica-de-galetes\/\" \/>\n<meta property=\"og:site_name\" content=\"Cyclovac\" \/>\n<meta property=\"article:modified_time\" content=\"2026-01-12T10:05:30+00:00\" \/>\n<meta name=\"twitter:card\" content=\"summary_large_image\" \/>\n<script type=\"application\/ld+json\" class=\"yoast-schema-graph\">{\"@context\":\"https:\/\/schema.org\",\"@graph\":[{\"@type\":\"WebPage\",\"@id\":\"https:\/\/cyclovac.cat\/politica-de-galetes\/\",\"url\":\"https:\/\/cyclovac.cat\/politica-de-galetes\/\",\"name\":\"Pol\u00edtica de galetes - Cyclovac\",\"isPartOf\":{\"@id\":\"https:\/\/cyclovac.cat\/#website\"},\"datePublished\":\"2025-07-31T11:14:01+00:00\",\"dateModified\":\"2026-01-12T10:05:30+00:00\",\"breadcrumb\":{\"@id\":\"https:\/\/cyclovac.cat\/politica-de-galetes\/#breadcrumb\"},\"inLanguage\":\"es\",\"potentialAction\":[{\"@type\":\"ReadAction\",\"target\":[\"https:\/\/cyclovac.cat\/politica-de-galetes\/\"]}]},{\"@type\":\"BreadcrumbList\",\"@id\":\"https:\/\/cyclovac.cat\/politica-de-galetes\/#breadcrumb\",\"itemListElement\":[{\"@type\":\"ListItem\",\"position\":1,\"name\":\"Inici\",\"item\":\"https:\/\/cyclovac.cat\/\"},{\"@type\":\"ListItem\",\"position\":2,\"name\":\"Pol\u00edtica de galetes\"}]},{\"@type\":\"WebSite\",\"@id\":\"https:\/\/cyclovac.cat\/#website\",\"url\":\"https:\/\/cyclovac.cat\/\",\"name\":\"Cyclovac\",\"description\":\"Amb m\u00e9s de 60 anys d\u2019excel\u00b7l\u00e8ncia, Cyclovac dissenya i fabrica al Canad\u00e0 sistemes d\u2019aspiraci\u00f3 central potents, silenciosos i duradors, amb garanties exclusives de 10 a 25 anys. Gr\u00e0cies a una recerca i desenvolupament continus, oferim solucions a mida que milloren la qualitat de l\u2019aire interior i faciliten la neteja di\u00e0ria. La nostra xarxa global de professionals especialitzats garanteix una instal\u00b7laci\u00f3 i un servei t\u00e8cnic \u00f2ptims, adaptats a les necessitats de cada llar.\",\"publisher\":{\"@id\":\"https:\/\/cyclovac.cat\/#organization\"},\"potentialAction\":[{\"@type\":\"SearchAction\",\"target\":{\"@type\":\"EntryPoint\",\"urlTemplate\":\"https:\/\/cyclovac.cat\/?s={search_term_string}\"},\"query-input\":{\"@type\":\"PropertyValueSpecification\",\"valueRequired\":true,\"valueName\":\"search_term_string\"}}],\"inLanguage\":\"es\"},{\"@type\":\"Organization\",\"@id\":\"https:\/\/cyclovac.cat\/#organization\",\"name\":\"Cyclovac\",\"url\":\"https:\/\/cyclovac.cat\/\",\"logo\":{\"@type\":\"ImageObject\",\"inLanguage\":\"es\",\"@id\":\"https:\/\/cyclovac.cat\/#\/schema\/logo\/image\/\",\"url\":\"https:\/\/cyclovac.cat\/wp-content\/uploads\/2025\/06\/cyclovac-logo.png\",\"contentUrl\":\"https:\/\/cyclovac.cat\/wp-content\/uploads\/2025\/06\/cyclovac-logo.png\",\"width\":303,\"height\":57,\"caption\":\"Cyclovac\"},\"image\":{\"@id\":\"https:\/\/cyclovac.cat\/#\/schema\/logo\/image\/\"}}]}<\/script>\n<!-- \/ Yoast SEO plugin. -->","yoast_head_json":{"title":"Pol\u00edtica de galetes - Cyclovac","robots":{"index":"index","follow":"follow","max-snippet":"max-snippet:-1","max-image-preview":"max-image-preview:large","max-video-preview":"max-video-preview:-1"},"canonical":"https:\/\/cyclovac.cat\/es\/politica-de-galetes\/","og_locale":"es_ES","og_type":"article","og_title":"Pol\u00edtica de galetes - Cyclovac","og_description":"Qu\u00e8 s\u00f3n les galetes Les galetes s\u00f3n petits arxius de dades que es reben al terminal des del lloc web visitat i s&#8217;utilitzen per registrar algunes interaccions de la navegaci\u00f3 d&#8217;un lloc web emmagatzemant dades que podran ser actualitzats i recuperats. Aquests arxius es guarden a l&#8217;ordinador de l&#8217;usuari i cont\u00e9 dades an\u00f2nimes que no [&hellip;]","og_url":"https:\/\/cyclovac.cat\/es\/politica-de-galetes\/","og_site_name":"Cyclovac","article_modified_time":"2026-01-12T10:05:30+00:00","twitter_card":"summary_large_image","schema":{"@context":"https:\/\/schema.org","@graph":[{"@type":"WebPage","@id":"https:\/\/cyclovac.cat\/politica-de-galetes\/","url":"https:\/\/cyclovac.cat\/politica-de-galetes\/","name":"Pol\u00edtica de galetes - Cyclovac","isPartOf":{"@id":"https:\/\/cyclovac.cat\/#website"},"datePublished":"2025-07-31T11:14:01+00:00","dateModified":"2026-01-12T10:05:30+00:00","breadcrumb":{"@id":"https:\/\/cyclovac.cat\/politica-de-galetes\/#breadcrumb"},"inLanguage":"es","potentialAction":[{"@type":"ReadAction","target":["https:\/\/cyclovac.cat\/politica-de-galetes\/"]}]},{"@type":"BreadcrumbList","@id":"https:\/\/cyclovac.cat\/politica-de-galetes\/#breadcrumb","itemListElement":[{"@type":"ListItem","position":1,"name":"Inici","item":"https:\/\/cyclovac.cat\/"},{"@type":"ListItem","position":2,"name":"Pol\u00edtica de galetes"}]},{"@type":"WebSite","@id":"https:\/\/cyclovac.cat\/#website","url":"https:\/\/cyclovac.cat\/","name":"Cyclovac","description":"Amb m\u00e9s de 60 anys d\u2019excel\u00b7l\u00e8ncia, Cyclovac dissenya i fabrica al Canad\u00e0 sistemes d\u2019aspiraci\u00f3 central potents, silenciosos i duradors, amb garanties exclusives de 10 a 25 anys. Gr\u00e0cies a una recerca i desenvolupament continus, oferim solucions a mida que milloren la qualitat de l\u2019aire interior i faciliten la neteja di\u00e0ria. La nostra xarxa global de professionals especialitzats garanteix una instal\u00b7laci\u00f3 i un servei t\u00e8cnic \u00f2ptims, adaptats a les necessitats de cada llar.","publisher":{"@id":"https:\/\/cyclovac.cat\/#organization"},"potentialAction":[{"@type":"SearchAction","target":{"@type":"EntryPoint","urlTemplate":"https:\/\/cyclovac.cat\/?s={search_term_string}"},"query-input":{"@type":"PropertyValueSpecification","valueRequired":true,"valueName":"search_term_string"}}],"inLanguage":"es"},{"@type":"Organization","@id":"https:\/\/cyclovac.cat\/#organization","name":"Cyclovac","url":"https:\/\/cyclovac.cat\/","logo":{"@type":"ImageObject","inLanguage":"es","@id":"https:\/\/cyclovac.cat\/#\/schema\/logo\/image\/","url":"https:\/\/cyclovac.cat\/wp-content\/uploads\/2025\/06\/cyclovac-logo.png","contentUrl":"https:\/\/cyclovac.cat\/wp-content\/uploads\/2025\/06\/cyclovac-logo.png","width":303,"height":57,"caption":"Cyclovac"},"image":{"@id":"https:\/\/cyclovac.cat\/#\/schema\/logo\/image\/"}}]}},"_links":{"self":[{"href":"https:\/\/cyclovac.cat\/es\/wp-json\/wp\/v2\/pages\/739","targetHints":{"allow":["GET"]}}],"collection":[{"href":"https:\/\/cyclovac.cat\/es\/wp-json\/wp\/v2\/pages"}],"about":[{"href":"https:\/\/cyclovac.cat\/es\/wp-json\/wp\/v2\/types\/page"}],"author":[{"embeddable":true,"href":"https:\/\/cyclovac.cat\/es\/wp-json\/wp\/v2\/users\/1"}],"replies":[{"embeddable":true,"href":"https:\/\/cyclovac.cat\/es\/wp-json\/wp\/v2\/comments?post=739"}],"version-history":[{"count":1,"href":"https:\/\/cyclovac.cat\/es\/wp-json\/wp\/v2\/pages\/739\/revisions"}],"predecessor-version":[{"id":740,"href":"https:\/\/cyclovac.cat\/es\/wp-json\/wp\/v2\/pages\/739\/revisions\/740"}],"wp:attachment":[{"href":"https:\/\/cyclovac.cat\/es\/wp-json\/wp\/v2\/media?parent=739"}],"curies":[{"name":"wp","href":"https:\/\/api.w.org\/{rel}","templated":true}]}}